{"id":211,"date":"2023-05-15T14:14:08","date_gmt":"2023-05-15T12:14:08","guid":{"rendered":"https:\/\/ev-ref-kirche-schwalenberg.de\/blog\/?page_id=211"},"modified":"2026-04-23T09:18:58","modified_gmt":"2026-04-23T07:18:58","slug":"gruppen-kreise","status":"publish","type":"page","link":"https:\/\/ev-ref-kirche-schwalenberg.de\/blog\/gruppen-kreise\/","title":{"rendered":"Gruppen + Kreise"},"content":{"rendered":"<p>[et_pb_section fb_built=&#8220;1&#8243; admin_label=&#8220;Header&#8220; _builder_version=&#8220;4.20.0&#8243; _module_preset=&#8220;default&#8220; background_image=&#8220;https:\/\/ev-ref-kirche-schwalenberg.de\/blog\/wp-content\/uploads\/2023\/05\/concert-hall-16.jpg&#8220; custom_padding=&#8220;6vw||6vw||true|false&#8220; collapsed=&#8220;on&#8220; global_colors_info=&#8220;{}&#8220;][et_pb_row _builder_version=&#8220;4.20.0&#8243; _module_preset=&#8220;default&#8220; background_color=&#8220;gcid-ad629ad7-29bc-4d34-a428-476c380868ee&#8220; custom_padding=&#8220;|30px||30px|false|true&#8220; border_radii=&#8220;on|10px|10px|10px|10px&#8220; global_colors_info=&#8220;{%22gcid-ad629ad7-29bc-4d34-a428-476c380868ee%22:%91%22background_color%22%93}&#8220;][et_pb_column type=&#8220;4_4&#8243; _builder_version=&#8220;4.20.0&#8243; _module_preset=&#8220;default&#8220; global_colors_info=&#8220;{}&#8220;][et_pb_text _builder_version=&#8220;4.21.0&#8243; _module_preset=&#8220;2210b798-affa-48c7-957b-e57f77f9d767&#8243; header_text_color=&#8220;#FFFFFF&#8220; text_orientation=&#8220;center&#8220; global_colors_info=&#8220;{%22gcid-dfca0e9b-c2d5-4a0d-bd54-692f77707a05%22:%91%22header_text_color%22%93}&#8220;]<\/p>\n<h1>Gruppen + Kreise<\/h1>\n<p>[\/et_pb_text][\/et_pb_column][\/et_pb_row][\/et_pb_section][et_pb_section fb_built=&#8220;1&#8243; admin_label=&#8220;Features&#8220; _builder_version=&#8220;4.20.0&#8243; _module_preset=&#8220;default&#8220; background_color=&#8220;#FAF6F5&#8243; overflow-x=&#8220;hidden&#8220; overflow-y=&#8220;hidden&#8220; use_background_color_gradient_tablet=&#8220;off&#8220; collapsed=&#8220;on&#8220; global_colors_info=&#8220;{%22gcid-cf870a03-80a6-4d88-85c2-0a445fd22166%22:%91%22box_shadow_color%22%93}&#8220;][et_pb_row column_structure=&#8220;1_2,1_2&#8243; use_custom_gutter=&#8220;on&#8220; gutter_width=&#8220;1&#8243; make_equal=&#8220;on&#8220; custom_padding_last_edited=&#8220;off|desktop&#8220; _builder_version=&#8220;4.20.0&#8243; _module_preset=&#8220;default&#8220; custom_padding_tablet=&#8220;60px||||false|false&#8220; custom_padding_phone=&#8220;30px||||false|false&#8220; global_colors_info=&#8220;{%22gcid-cf870a03-80a6-4d88-85c2-0a445fd22166%22:%91%22background_color_gradient_stops%22%93,%22gcid-c22116c1-81a4-4cbf-84dc-c3f928405165%22:%91%22background_color_gradient_stops%22%93}&#8220;][et_pb_column type=&#8220;1_2&#8243; _builder_version=&#8220;4.20.0&#8243; _module_preset=&#8220;default&#8220; background_color=&#8220;#E3DDD4&#8243; custom_padding=&#8220;40px|40px|40px|40px|true|true&#8220; border_radii=&#8220;off|10px|||&#8220; box_shadow_style=&#8220;preset4&#8243; box_shadow_horizontal=&#8220;-20vw&#8220; box_shadow_vertical=&#8220;-20vw&#8220; box_shadow_spread=&#8220;20vw&#8220; box_shadow_color=&#8220;#E3DDD4&#8243; global_colors_info=&#8220;{}&#8220;][et_pb_image src=&#8220;https:\/\/ev-ref-kirche-schwalenberg.de\/blog\/wp-content\/uploads\/2026\/03\/AdobeStock_304603702.png&#8220; title_text=&#8220;AdobeStock_304603702&#8243; _builder_version=&#8220;4.27.6&#8243; _module_preset=&#8220;default&#8220; border_radii=&#8220;on|10px|10px|10px|10px&#8220; global_colors_info=&#8220;{}&#8220;][\/et_pb_image][\/et_pb_column][et_pb_column type=&#8220;1_2&#8243; _builder_version=&#8220;4.20.0&#8243; _module_preset=&#8220;default&#8220; custom_padding=&#8220;|||60px|false|false&#8220; custom_padding_tablet=&#8220;30px|30px|30px|30px|true|true&#8220; custom_padding_phone=&#8220;20px|20px||20px|false|true&#8220; custom_padding_last_edited=&#8220;on|tablet&#8220; global_colors_info=&#8220;{}&#8220;][et_pb_text _builder_version=&#8220;4.27.6&#8243; _module_preset=&#8220;658eac32-14a0-4665-bd2b-c3be4d467adf&#8220; header_font_size=&#8220;19px&#8220; header_2_font=&#8220;|700||on|||||&#8220; header_2_font_size=&#8220;31px&#8220; custom_margin=&#8220;||30px||false|false&#8220; global_colors_info=&#8220;{%22gcid-dfca0e9b-c2d5-4a0d-bd54-692f77707a05%22:%91%22header_2_text_color%22%93}&#8220;]<\/p>\n<h2>Friedensgespr\u00e4chskreis<\/h2>\n<p>[\/et_pb_text][et_pb_text _builder_version=&#8220;4.27.6&#8243; _module_preset=&#8220;default&#8220; text_text_color=&#8220;#024366&#8243; text_font_size=&#8220;16px&#8220; hover_enabled=&#8220;0&#8243; global_colors_info=&#8220;{}&#8220; sticky_enabled=&#8220;0&#8243;]<\/p>\n<p>Dienstag, 19:00 Uhr &#8211; N\u00e4chste Termine: 05.05. und 02.06.2026<\/p>\n<p>im Gemeindehaus Schwalenberg<\/p>\n<p>Kontakt 0176-25 29 33 55<\/p>\n<p>[\/et_pb_text][\/et_pb_column][\/et_pb_row][\/et_pb_section][et_pb_section fb_built=&#8220;1&#8243; admin_label=&#8220;About&#8220; _builder_version=&#8220;4.20.0&#8243; _module_preset=&#8220;default&#8220; background_color=&#8220;gcid-c22116c1-81a4-4cbf-84dc-c3f928405165&#8243; collapsed=&#8220;on&#8220; global_colors_info=&#8220;{%22gcid-c22116c1-81a4-4cbf-84dc-c3f928405165%22:%91%22background_color%22%93}&#8220;][et_pb_row column_structure=&#8220;1_2,1_2&#8243; _builder_version=&#8220;4.20.0&#8243; _module_preset=&#8220;default&#8220; global_colors_info=&#8220;{}&#8220;][et_pb_column type=&#8220;1_2&#8243; _builder_version=&#8220;4.20.0&#8243; _module_preset=&#8220;default&#8220; global_colors_info=&#8220;{}&#8220;][et_pb_text _builder_version=&#8220;4.21.0&#8243; _module_preset=&#8220;658eac32-14a0-4665-bd2b-c3be4d467adf&#8220; header_2_font=&#8220;|700||on|||||&#8220; header_2_font_size=&#8220;50px&#8220; global_colors_info=&#8220;{%22gcid-dfca0e9b-c2d5-4a0d-bd54-692f77707a05%22:%91%22header_2_text_color%22%93}&#8220;]<\/p>\n<h2>Bibelstunde<\/h2>\n<p>[\/et_pb_text][et_pb_text _builder_version=&#8220;4.27.6&#8243; _module_preset=&#8220;f1810aee-e0d3-4495-9de1-fbc5ee1e4d74&#8243; global_colors_info=&#8220;{%22gcid-dfca0e9b-c2d5-4a0d-bd54-692f77707a05%22:%91%22text_text_color%22%93}&#8220;]<\/p>\n<p>im Gemeindehaus Schwalenberg<\/p>\n<p>Freitags, 15.30 Uhr<\/p>\n<p>10.04., 24.04., 08.05. und 22.05.<br \/><span style=\"font-size: 16px;\">Kontakt: 05284-5126<\/span><\/p>\n<p>[\/et_pb_text][\/et_pb_column][et_pb_column type=&#8220;1_2&#8243; _builder_version=&#8220;4.20.0&#8243; _module_preset=&#8220;default&#8220; global_colors_info=&#8220;{}&#8220;][et_pb_image src=&#8220;https:\/\/ev-ref-kirche-schwalenberg.de\/blog\/wp-content\/uploads\/2023\/05\/bibelklreis.png&#8220; title_text=&#8220;bibelklreis&#8220; _builder_version=&#8220;4.21.0&#8243; _module_preset=&#8220;default&#8220; border_radii=&#8220;off|10px|300px|300px|10px&#8220; global_colors_info=&#8220;{}&#8220;][\/et_pb_image][\/et_pb_column][\/et_pb_row][\/et_pb_section][et_pb_section fb_built=&#8220;1&#8243; admin_label=&#8220;Features&#8220; _builder_version=&#8220;4.20.0&#8243; _module_preset=&#8220;default&#8220; background_color=&#8220;#FAF6F5&#8243; overflow-x=&#8220;hidden&#8220; overflow-y=&#8220;hidden&#8220; use_background_color_gradient_tablet=&#8220;off&#8220; collapsed=&#8220;on&#8220; global_colors_info=&#8220;{%22gcid-cf870a03-80a6-4d88-85c2-0a445fd22166%22:%91%22box_shadow_color%22%93}&#8220;][et_pb_row column_structure=&#8220;1_2,1_2&#8243; use_custom_gutter=&#8220;on&#8220; gutter_width=&#8220;1&#8243; make_equal=&#8220;on&#8220; custom_padding_last_edited=&#8220;off|desktop&#8220; _builder_version=&#8220;4.20.0&#8243; _module_preset=&#8220;default&#8220; custom_padding_tablet=&#8220;60px||||false|false&#8220; custom_padding_phone=&#8220;30px||||false|false&#8220; global_colors_info=&#8220;{%22gcid-cf870a03-80a6-4d88-85c2-0a445fd22166%22:%91%22background_color_gradient_stops%22%93,%22gcid-c22116c1-81a4-4cbf-84dc-c3f928405165%22:%91%22background_color_gradient_stops%22%93}&#8220;][et_pb_column type=&#8220;1_2&#8243; _builder_version=&#8220;4.20.0&#8243; _module_preset=&#8220;default&#8220; background_color=&#8220;#E3DDD4&#8243; custom_padding=&#8220;40px|40px|40px|40px|true|true&#8220; border_radii=&#8220;off|10px|||&#8220; box_shadow_style=&#8220;preset4&#8243; box_shadow_horizontal=&#8220;-20vw&#8220; box_shadow_vertical=&#8220;-20vw&#8220; box_shadow_spread=&#8220;20vw&#8220; box_shadow_color=&#8220;#E3DDD4&#8243; global_colors_info=&#8220;{}&#8220;][et_pb_image src=&#8220;https:\/\/ev-ref-kirche-schwalenberg.de\/blog\/wp-content\/uploads\/2023\/05\/AdobeStock_129511485.png&#8220; title_text=&#8220;AdobeStock_129511485&#8243; _builder_version=&#8220;4.21.0&#8243; _module_preset=&#8220;default&#8220; border_radii=&#8220;on|10px|10px|10px|10px&#8220; global_colors_info=&#8220;{}&#8220;][\/et_pb_image][\/et_pb_column][et_pb_column type=&#8220;1_2&#8243; _builder_version=&#8220;4.20.0&#8243; _module_preset=&#8220;default&#8220; custom_padding=&#8220;|||60px|false|false&#8220; custom_padding_tablet=&#8220;30px|30px|30px|30px|true|true&#8220; custom_padding_phone=&#8220;20px|20px||20px|false|true&#8220; custom_padding_last_edited=&#8220;on|tablet&#8220; global_colors_info=&#8220;{}&#8220;][et_pb_text _builder_version=&#8220;4.21.0&#8243; _module_preset=&#8220;658eac32-14a0-4665-bd2b-c3be4d467adf&#8220; header_2_font=&#8220;|700||on|||||&#8220; header_2_font_size=&#8220;50px&#8220; custom_margin=&#8220;||30px||false|false&#8220; global_colors_info=&#8220;{%22gcid-dfca0e9b-c2d5-4a0d-bd54-692f77707a05%22:%91%22header_2_text_color%22%93}&#8220;]<\/p>\n<h2>Posaunenchor<\/h2>\n<p>[\/et_pb_text][et_pb_text _builder_version=&#8220;4.27.4&#8243; _module_preset=&#8220;default&#8220; global_colors_info=&#8220;{}&#8220;]<\/p>\n<p><span style=\"font-size: large;\">Freitags 20.00 Uhr<\/span><\/p>\n<p><span style=\"font-size: large;\">in der Katholischen Kirche Schieder<\/span><\/p>\n<p><span style=\"font-size: large;\"><strong>Kostenloser Anf\u00e4ngerunterricht<\/strong><\/span><br \/><span style=\"font-size: large;\">freitags ab 17.00 Uhr im Gemeindehaus Schwalenberg, <\/span><br \/><span style=\"font-size: large;\">Einstieg jederzeit m\u00f6glich<\/span><\/p>\n<p>[\/et_pb_text][\/et_pb_column][\/et_pb_row][\/et_pb_section][et_pb_section fb_built=&#8220;1&#8243; admin_label=&#8220;About&#8220; _builder_version=&#8220;4.20.0&#8243; _module_preset=&#8220;default&#8220; background_color=&#8220;gcid-c22116c1-81a4-4cbf-84dc-c3f928405165&#8243; collapsed=&#8220;on&#8220; global_colors_info=&#8220;{%22gcid-c22116c1-81a4-4cbf-84dc-c3f928405165%22:%91%22background_color%22%93}&#8220;][et_pb_row column_structure=&#8220;1_2,1_2&#8243; _builder_version=&#8220;4.20.0&#8243; _module_preset=&#8220;default&#8220; global_colors_info=&#8220;{}&#8220;][et_pb_column type=&#8220;1_2&#8243; _builder_version=&#8220;4.20.0&#8243; _module_preset=&#8220;default&#8220; global_colors_info=&#8220;{}&#8220;][et_pb_text _builder_version=&#8220;4.21.0&#8243; _module_preset=&#8220;658eac32-14a0-4665-bd2b-c3be4d467adf&#8220; header_2_font=&#8220;|700||on|||||&#8220; header_2_font_size=&#8220;50px&#8220; global_colors_info=&#8220;{%22gcid-dfca0e9b-c2d5-4a0d-bd54-692f77707a05%22:%91%22header_2_text_color%22%93}&#8220;]<\/p>\n<h2>\u00d6kumenischer Kirchenchor<\/h2>\n<p>[\/et_pb_text][et_pb_text _builder_version=&#8220;4.21.0&#8243; _module_preset=&#8220;f1810aee-e0d3-4495-9de1-fbc5ee1e4d74&#8243; global_colors_info=&#8220;{%22gcid-dfca0e9b-c2d5-4a0d-bd54-692f77707a05%22:%91%22text_text_color%22%93}&#8220;]<\/p>\n<p>Freitags 17.30 Uhr<\/p>\n<p>Kontakt: 05282-6635<\/p>\n<p>[\/et_pb_text][\/et_pb_column][et_pb_column type=&#8220;1_2&#8243; _builder_version=&#8220;4.20.0&#8243; _module_preset=&#8220;default&#8220; global_colors_info=&#8220;{}&#8220;][et_pb_image src=&#8220;https:\/\/ev-ref-kirche-schwalenberg.de\/blog\/wp-content\/uploads\/2023\/05\/kirchenchor.png&#8220; title_text=&#8220;kirchenchor&#8220; _builder_version=&#8220;4.21.0&#8243; _module_preset=&#8220;default&#8220; border_radii=&#8220;off|10px|300px|300px|10px&#8220; global_colors_info=&#8220;{}&#8220;][\/et_pb_image][\/et_pb_column][\/et_pb_row][\/et_pb_section][et_pb_section fb_built=&#8220;1&#8243; admin_label=&#8220;Features&#8220; _builder_version=&#8220;4.20.0&#8243; _module_preset=&#8220;default&#8220; background_color=&#8220;#FAF6F5&#8243; overflow-x=&#8220;hidden&#8220; overflow-y=&#8220;hidden&#8220; use_background_color_gradient_tablet=&#8220;off&#8220; collapsed=&#8220;on&#8220; global_colors_info=&#8220;{%22gcid-cf870a03-80a6-4d88-85c2-0a445fd22166%22:%91%22box_shadow_color%22%93}&#8220;][et_pb_row column_structure=&#8220;1_2,1_2&#8243; use_custom_gutter=&#8220;on&#8220; gutter_width=&#8220;1&#8243; make_equal=&#8220;on&#8220; custom_padding_last_edited=&#8220;off|desktop&#8220; _builder_version=&#8220;4.20.0&#8243; _module_preset=&#8220;default&#8220; custom_padding_tablet=&#8220;60px||||false|false&#8220; custom_padding_phone=&#8220;30px||||false|false&#8220; global_colors_info=&#8220;{%22gcid-cf870a03-80a6-4d88-85c2-0a445fd22166%22:%91%22background_color_gradient_stops%22%93,%22gcid-c22116c1-81a4-4cbf-84dc-c3f928405165%22:%91%22background_color_gradient_stops%22%93}&#8220;][et_pb_column type=&#8220;1_2&#8243; _builder_version=&#8220;4.20.0&#8243; _module_preset=&#8220;default&#8220; background_color=&#8220;#E3DDD4&#8243; custom_padding=&#8220;40px|40px|40px|40px|true|true&#8220; border_radii=&#8220;off|10px|||&#8220; box_shadow_style=&#8220;preset4&#8243; box_shadow_horizontal=&#8220;-20vw&#8220; box_shadow_vertical=&#8220;-20vw&#8220; box_shadow_spread=&#8220;20vw&#8220; box_shadow_color=&#8220;#E3DDD4&#8243; global_colors_info=&#8220;{}&#8220;][et_pb_image src=&#8220;https:\/\/ev-ref-kirche-schwalenberg.de\/blog\/wp-content\/uploads\/2023\/05\/gitarrengruppe.png&#8220; title_text=&#8220;gitarrengruppe&#8220; _builder_version=&#8220;4.21.0&#8243; _module_preset=&#8220;default&#8220; border_radii=&#8220;on|10px|10px|10px|10px&#8220; global_colors_info=&#8220;{}&#8220;][\/et_pb_image][\/et_pb_column][et_pb_column type=&#8220;1_2&#8243; _builder_version=&#8220;4.20.0&#8243; _module_preset=&#8220;default&#8220; custom_padding=&#8220;|||60px|false|false&#8220; custom_padding_tablet=&#8220;30px|30px|30px|30px|true|true&#8220; custom_padding_phone=&#8220;20px|20px||20px|false|true&#8220; custom_padding_last_edited=&#8220;on|tablet&#8220; global_colors_info=&#8220;{}&#8220;][et_pb_text _builder_version=&#8220;4.21.0&#8243; _module_preset=&#8220;658eac32-14a0-4665-bd2b-c3be4d467adf&#8220; header_2_font=&#8220;|700||on|||||&#8220; header_2_font_size=&#8220;50px&#8220; custom_margin=&#8220;||30px||false|false&#8220; global_colors_info=&#8220;{%22gcid-dfca0e9b-c2d5-4a0d-bd54-692f77707a05%22:%91%22header_2_text_color%22%93}&#8220;]<\/p>\n<h2>Gitarrengruppe<\/h2>\n<p>[\/et_pb_text][et_pb_text _builder_version=&#8220;4.27.6&#8243; _module_preset=&#8220;default&#8220; custom_margin=&#8220;||43px|||&#8220; global_colors_info=&#8220;{}&#8220;]<\/p>\n<p>Mittwochs ab 19.00 Uhr<\/p>\n<p>im Dorfgemeinschaftshaus Brakelsiek<\/p>\n<p>Kontakt: 05284-1435<\/p>\n<p>[\/et_pb_text][\/et_pb_column][\/et_pb_row][\/et_pb_section][et_pb_section fb_built=&#8220;1&#8243; admin_label=&#8220;About&#8220; _builder_version=&#8220;4.20.0&#8243; _module_preset=&#8220;default&#8220; background_color=&#8220;gcid-c22116c1-81a4-4cbf-84dc-c3f928405165&#8243; collapsed=&#8220;on&#8220; global_colors_info=&#8220;{%22gcid-c22116c1-81a4-4cbf-84dc-c3f928405165%22:%91%22background_color%22%93}&#8220;][et_pb_row column_structure=&#8220;1_2,1_2&#8243; _builder_version=&#8220;4.20.0&#8243; _module_preset=&#8220;default&#8220; global_colors_info=&#8220;{}&#8220;][et_pb_column type=&#8220;1_2&#8243; _builder_version=&#8220;4.20.0&#8243; _module_preset=&#8220;default&#8220; global_colors_info=&#8220;{}&#8220;][et_pb_text _builder_version=&#8220;4.21.0&#8243; _module_preset=&#8220;658eac32-14a0-4665-bd2b-c3be4d467adf&#8220; header_2_font=&#8220;|700||on|||||&#8220; header_2_font_size=&#8220;50px&#8220; global_colors_info=&#8220;{%22gcid-dfca0e9b-c2d5-4a0d-bd54-692f77707a05%22:%91%22header_2_text_color%22%93}&#8220;]<\/p>\n<h2>Gespr\u00e4chskreis f\u00fcr Frauen<\/h2>\n<p>[\/et_pb_text][et_pb_text _builder_version=&#8220;4.21.0&#8243; _module_preset=&#8220;f1810aee-e0d3-4495-9de1-fbc5ee1e4d74&#8243; global_colors_info=&#8220;{%22gcid-dfca0e9b-c2d5-4a0d-bd54-692f77707a05%22:%91%22text_text_color%22%93}&#8220;]<\/p>\n<p>Montags um 20.00 Uhr<\/p>\n<p>im Gemeindehaus Schwalenberg<\/p>\n<p>nach Absprache<\/p>\n<p>[\/et_pb_text][\/et_pb_column][et_pb_column type=&#8220;1_2&#8243; _builder_version=&#8220;4.20.0&#8243; _module_preset=&#8220;default&#8220; global_colors_info=&#8220;{}&#8220;][et_pb_image src=&#8220;https:\/\/ev-ref-kirche-schwalenberg.de\/blog\/wp-content\/uploads\/2023\/05\/gespraechskreis.png&#8220; title_text=&#8220;gespr\u00e4chskreis&#8220; _builder_version=&#8220;4.21.0&#8243; _module_preset=&#8220;default&#8220; border_radii=&#8220;off|10px|300px|300px|10px&#8220; global_colors_info=&#8220;{}&#8220;][\/et_pb_image][\/et_pb_column][\/et_pb_row][\/et_pb_section][et_pb_section fb_built=&#8220;1&#8243; admin_label=&#8220;Features&#8220; _builder_version=&#8220;4.20.0&#8243; _module_preset=&#8220;default&#8220; background_color=&#8220;#FAF6F5&#8243; overflow-x=&#8220;hidden&#8220; overflow-y=&#8220;hidden&#8220; use_background_color_gradient_tablet=&#8220;off&#8220; collapsed=&#8220;on&#8220; global_colors_info=&#8220;{%22gcid-cf870a03-80a6-4d88-85c2-0a445fd22166%22:%91%22box_shadow_color%22%93}&#8220;][et_pb_row column_structure=&#8220;1_2,1_2&#8243; use_custom_gutter=&#8220;on&#8220; gutter_width=&#8220;1&#8243; make_equal=&#8220;on&#8220; custom_padding_last_edited=&#8220;off|desktop&#8220; _builder_version=&#8220;4.20.0&#8243; _module_preset=&#8220;default&#8220; custom_padding_tablet=&#8220;60px||||false|false&#8220; custom_padding_phone=&#8220;30px||||false|false&#8220; global_colors_info=&#8220;{%22gcid-cf870a03-80a6-4d88-85c2-0a445fd22166%22:%91%22background_color_gradient_stops%22%93,%22gcid-c22116c1-81a4-4cbf-84dc-c3f928405165%22:%91%22background_color_gradient_stops%22%93}&#8220;][et_pb_column type=&#8220;1_2&#8243; _builder_version=&#8220;4.20.0&#8243; _module_preset=&#8220;default&#8220; background_color=&#8220;#E3DDD4&#8243; custom_padding=&#8220;40px|40px|40px|40px|true|true&#8220; border_radii=&#8220;off|10px|||&#8220; box_shadow_style=&#8220;preset4&#8243; box_shadow_horizontal=&#8220;-20vw&#8220; box_shadow_vertical=&#8220;-20vw&#8220; box_shadow_spread=&#8220;20vw&#8220; box_shadow_color=&#8220;#E3DDD4&#8243; global_colors_info=&#8220;{}&#8220;][et_pb_image src=&#8220;https:\/\/ev-ref-kirche-schwalenberg.de\/blog\/wp-content\/uploads\/2023\/05\/kaffee.jpg&#8220; title_text=&#8220;kaffee&#8220; _builder_version=&#8220;4.21.0&#8243; _module_preset=&#8220;default&#8220; border_radii=&#8220;on|10px|10px|10px|10px&#8220; global_colors_info=&#8220;{}&#8220;][\/et_pb_image][\/et_pb_column][et_pb_column type=&#8220;1_2&#8243; _builder_version=&#8220;4.20.0&#8243; _module_preset=&#8220;default&#8220; custom_padding=&#8220;|||60px|false|false&#8220; custom_padding_tablet=&#8220;30px|30px|30px|30px|true|true&#8220; custom_padding_phone=&#8220;20px|20px||20px|false|true&#8220; custom_padding_last_edited=&#8220;on|tablet&#8220; global_colors_info=&#8220;{}&#8220;][et_pb_text _builder_version=&#8220;4.21.0&#8243; _module_preset=&#8220;658eac32-14a0-4665-bd2b-c3be4d467adf&#8220; header_2_font=&#8220;|700||on|||||&#8220; header_2_font_size=&#8220;50px&#8220; custom_margin=&#8220;||30px||false|false&#8220; global_colors_info=&#8220;{%22gcid-dfca0e9b-c2d5-4a0d-bd54-692f77707a05%22:%91%22header_2_text_color%22%93}&#8220;]<\/p>\n<h2>Frauenhilfe<\/h2>\n<p>[\/et_pb_text][et_pb_text _builder_version=&#8220;4.27.6&#8243; _module_preset=&#8220;default&#8220; hover_enabled=&#8220;0&#8243; global_colors_info=&#8220;{}&#8220; sticky_enabled=&#8220;0&#8243;]<\/p>\n<p>1. Mittwoch im Monat um 14.30 Uhr im<\/p>\n<p>Gemeindehaus Schwalenberg<\/p>\n<p>06.05.26<\/p>\n<p>[\/et_pb_text][\/et_pb_column][\/et_pb_row][\/et_pb_section][et_pb_section fb_built=&#8220;1&#8243; admin_label=&#8220;About&#8220; _builder_version=&#8220;4.20.0&#8243; _module_preset=&#8220;default&#8220; background_color=&#8220;gcid-c22116c1-81a4-4cbf-84dc-c3f928405165&#8243; collapsed=&#8220;on&#8220; global_colors_info=&#8220;{%22gcid-c22116c1-81a4-4cbf-84dc-c3f928405165%22:%91%22background_color%22%93}&#8220;][et_pb_row column_structure=&#8220;1_2,1_2&#8243; _builder_version=&#8220;4.20.0&#8243; _module_preset=&#8220;default&#8220; global_colors_info=&#8220;{}&#8220;][et_pb_column type=&#8220;1_2&#8243; _builder_version=&#8220;4.20.0&#8243; _module_preset=&#8220;default&#8220; global_colors_info=&#8220;{}&#8220;][et_pb_text _builder_version=&#8220;4.21.0&#8243; _module_preset=&#8220;658eac32-14a0-4665-bd2b-c3be4d467adf&#8220; header_2_font=&#8220;|700||on|||||&#8220; header_2_font_size=&#8220;50px&#8220; global_colors_info=&#8220;{%22gcid-dfca0e9b-c2d5-4a0d-bd54-692f77707a05%22:%91%22header_2_text_color%22%93}&#8220;]<\/p>\n<h2>Fl\u00f6tengruppe<\/h2>\n<p>[\/et_pb_text][et_pb_text _builder_version=&#8220;4.23.1&#8243; _module_preset=&#8220;f1810aee-e0d3-4495-9de1-fbc5ee1e4d74&#8243; global_colors_info=&#8220;{%22gcid-dfca0e9b-c2d5-4a0d-bd54-692f77707a05%22:%91%22text_text_color%22%93}&#8220;]<\/p>\n<p>Nach Absprache<br \/>19.30 -21.00 Uhr<\/p>\n<p>Kontakt: 05284-5888<\/p>\n<p>[\/et_pb_text][\/et_pb_column][et_pb_column type=&#8220;1_2&#8243; _builder_version=&#8220;4.20.0&#8243; _module_preset=&#8220;default&#8220; global_colors_info=&#8220;{}&#8220;][et_pb_image src=&#8220;https:\/\/ev-ref-kirche-schwalenberg.de\/blog\/wp-content\/uploads\/2023\/05\/floetengruppe.png&#8220; title_text=&#8220;fl\u00f6tengruppe&#8220; _builder_version=&#8220;4.21.0&#8243; _module_preset=&#8220;default&#8220; border_radii=&#8220;off|10px|300px|300px|10px&#8220; global_colors_info=&#8220;{}&#8220;][\/et_pb_image][\/et_pb_column][\/et_pb_row][\/et_pb_section][et_pb_section fb_built=&#8220;1&#8243; admin_label=&#8220;Footer&#8220; _builder_version=&#8220;4.20.0&#8243; _module_preset=&#8220;default&#8220; background_color=&#8220;gcid-dfca0e9b-c2d5-4a0d-bd54-692f77707a05&#8243; use_background_color_gradient=&#8220;on&#8220; background_color_gradient_stops=&#8220;#faf6f5 30%|rgba(255,255,255,0) 30%&#8220; custom_padding=&#8220;||||false|false&#8220; global_module=&#8220;205&#8243; saved_tabs=&#8220;all&#8220; collapsed=&#8220;on&#8220; global_colors_info=&#8220;{%22gcid-dfca0e9b-c2d5-4a0d-bd54-692f77707a05%22:%91%22background_color%22%93}&#8220;][et_pb_row _builder_version=&#8220;4.25.1&#8243; _module_preset=&#8220;default&#8220; background_color=&#8220;gcid-ad629ad7-29bc-4d34-a428-476c380868ee&#8220; custom_margin=&#8220;||30px||false|false&#8220; custom_padding=&#8220;60px|60px|60px|60px|true|true&#8220; border_radii=&#8220;on|10px|10px|10px|10px&#8220; global_colors_info=&#8220;{%22gcid-ad629ad7-29bc-4d34-a428-476c380868ee%22:%91%22background_color%22%93}&#8220;][et_pb_column type=&#8220;4_4&#8243; _builder_version=&#8220;4.20.0&#8243; _module_preset=&#8220;default&#8220; global_colors_info=&#8220;{}&#8220;][et_pb_text _builder_version=&#8220;4.21.0&#8243; _module_preset=&#8220;8b7c92c5-0904-470d-9c88-d8eeef216b00&#8243; header_3_text_color=&#8220;#FFFFFF&#8220; text_orientation=&#8220;center&#8220; custom_margin=&#8220;||30px||false|false&#8220; locked=&#8220;off&#8220; global_colors_info=&#8220;{}&#8220;]<\/p>\n<h3>Wir freuen uns auf Ihre Nachricht!<\/h3>\n<p>[\/et_pb_text][et_pb_contact_form email=&#8220;kontakt@ev-ref-kirche-schwalenberg.de&#8220; custom_message=&#8220;Nachricht von der Webseite||et_pb_line_break_holder||||et_pb_line_break_holder||Name: %%Name%%||et_pb_line_break_holder||||et_pb_line_break_holder||E-Mail-Adresse: %%Email%%||et_pb_line_break_holder||||et_pb_line_break_holder||Nachricht: %%Message%%&#8220; success_message=&#8220;Vielen Dank f\u00fcr Ihre Nachricht. Wir melden uns kurzfristig zur\u00fcck!&#8220; submit_button_text=&#8220;Absenden&#8220; _builder_version=&#8220;4.25.1&#8243; _module_preset=&#8220;default&#8220; _unique_id=&#8220;a5030868-bd6c-4fd2-bd00-1d34b1ff2dc0&#8243; captcha_text_color=&#8220;#FFFFFF&#8220; custom_button=&#8220;on&#8220; button_text_color=&#8220;#FFFFFF&#8220; global_colors_info=&#8220;{}&#8220;][et_pb_contact_field field_id=&#8220;Name&#8220; field_title=&#8220;Name&#8220; required_mark=&#8220;off&#8220; _builder_version=&#8220;4.21.0&#8243; global_colors_info=&#8220;{}&#8220; button_text_size__hover_enabled=&#8220;off&#8220; button_one_text_size__hover_enabled=&#8220;off&#8220; button_two_text_size__hover_enabled=&#8220;off&#8220; button_text_color__hover_enabled=&#8220;off&#8220; button_one_text_color__hover_enabled=&#8220;off&#8220; button_two_text_color__hover_enabled=&#8220;off&#8220; button_border_width__hover_enabled=&#8220;off&#8220; button_one_border_width__hover_enabled=&#8220;off&#8220; button_two_border_width__hover_enabled=&#8220;off&#8220; button_border_color__hover_enabled=&#8220;off&#8220; button_one_border_color__hover_enabled=&#8220;off&#8220; button_two_border_color__hover_enabled=&#8220;off&#8220; button_border_radius__hover_enabled=&#8220;off&#8220; button_one_border_radius__hover_enabled=&#8220;off&#8220; button_two_border_radius__hover_enabled=&#8220;off&#8220; button_letter_spacing__hover_enabled=&#8220;off&#8220; button_one_letter_spacing__hover_enabled=&#8220;off&#8220; button_two_letter_spacing__hover_enabled=&#8220;off&#8220; button_bg_color__hover_enabled=&#8220;off&#8220; button_one_bg_color__hover_enabled=&#8220;off&#8220; button_two_bg_color__hover_enabled=&#8220;off&#8220;][\/et_pb_contact_field][et_pb_contact_field field_id=&#8220;Email&#8220; field_title=&#8220;E-Mail-Adresse&#8220; field_type=&#8220;email&#8220; required_mark=&#8220;off&#8220; _builder_version=&#8220;4.21.0&#8243; global_colors_info=&#8220;{}&#8220; button_text_size__hover_enabled=&#8220;off&#8220; button_one_text_size__hover_enabled=&#8220;off&#8220; button_two_text_size__hover_enabled=&#8220;off&#8220; button_text_color__hover_enabled=&#8220;off&#8220; button_one_text_color__hover_enabled=&#8220;off&#8220; button_two_text_color__hover_enabled=&#8220;off&#8220; button_border_width__hover_enabled=&#8220;off&#8220; button_one_border_width__hover_enabled=&#8220;off&#8220; button_two_border_width__hover_enabled=&#8220;off&#8220; button_border_color__hover_enabled=&#8220;off&#8220; button_one_border_color__hover_enabled=&#8220;off&#8220; button_two_border_color__hover_enabled=&#8220;off&#8220; button_border_radius__hover_enabled=&#8220;off&#8220; button_one_border_radius__hover_enabled=&#8220;off&#8220; button_two_border_radius__hover_enabled=&#8220;off&#8220; button_letter_spacing__hover_enabled=&#8220;off&#8220; button_one_letter_spacing__hover_enabled=&#8220;off&#8220; button_two_letter_spacing__hover_enabled=&#8220;off&#8220; button_bg_color__hover_enabled=&#8220;off&#8220; button_one_bg_color__hover_enabled=&#8220;off&#8220; button_two_bg_color__hover_enabled=&#8220;off&#8220;][\/et_pb_contact_field][et_pb_contact_field field_id=&#8220;Message&#8220; field_title=&#8220;Nachricht&#8220; field_type=&#8220;text&#8220; fullwidth_field=&#8220;on&#8220; _builder_version=&#8220;4.21.0&#8243; global_colors_info=&#8220;{}&#8220; button_text_size__hover_enabled=&#8220;off&#8220; button_one_text_size__hover_enabled=&#8220;off&#8220; button_two_text_size__hover_enabled=&#8220;off&#8220; button_text_color__hover_enabled=&#8220;off&#8220; button_one_text_color__hover_enabled=&#8220;off&#8220; button_two_text_color__hover_enabled=&#8220;off&#8220; button_border_width__hover_enabled=&#8220;off&#8220; button_one_border_width__hover_enabled=&#8220;off&#8220; button_two_border_width__hover_enabled=&#8220;off&#8220; button_border_color__hover_enabled=&#8220;off&#8220; button_one_border_color__hover_enabled=&#8220;off&#8220; button_two_border_color__hover_enabled=&#8220;off&#8220; button_border_radius__hover_enabled=&#8220;off&#8220; button_one_border_radius__hover_enabled=&#8220;off&#8220; button_two_border_radius__hover_enabled=&#8220;off&#8220; button_letter_spacing__hover_enabled=&#8220;off&#8220; button_one_letter_spacing__hover_enabled=&#8220;off&#8220; button_two_letter_spacing__hover_enabled=&#8220;off&#8220; button_bg_color__hover_enabled=&#8220;off&#8220; button_one_bg_color__hover_enabled=&#8220;off&#8220; button_two_bg_color__hover_enabled=&#8220;off&#8220;][\/et_pb_contact_field][\/et_pb_contact_form][\/et_pb_column][\/et_pb_row][\/et_pb_section]<\/p>\n","protected":false},"excerpt":{"rendered":"<p>Gruppen + KreiseFriedensgespr\u00e4chskreisDienstag, 19:00 Uhr &#8211; N\u00e4chste Termine: 05.05. und 02.06.2026 im Gemeindehaus Schwalenberg Kontakt 0176-25 29 33 55Bibelstundeim Gemeindehaus Schwalenberg Freitags, 15.30 Uhr 10.04., 24.04., 08.05. und 22.05.Kontakt: 05284-5126PosaunenchorFreitags 20.00 Uhr in der Katholischen Kirche Schieder Kostenloser Anf\u00e4ngerunterrichtfreitags ab 17.00 Uhr im Gemeindehaus Schwalenberg, Einstieg jederzeit m\u00f6glich\u00d6kumenischer KirchenchorFreitags 17.30 Uhr Kontakt: 05282-6635GitarrengruppeMittwochs ab 19.00 [&hellip;]<\/p>\n","protected":false},"author":1,"featured_media":0,"parent":0,"menu_order":0,"comment_status":"closed","ping_status":"closed","template":"","meta":{"_et_pb_use_builder":"on","_et_pb_old_content":"","_et_gb_content_width":"","footnotes":""},"class_list":["post-211","page","type-page","status-publish","hentry"],"_links":{"self":[{"href":"https:\/\/ev-ref-kirche-schwalenberg.de\/blog\/wp-json\/wp\/v2\/pages\/211","targetHints":{"allow":["GET"]}}],"collection":[{"href":"https:\/\/ev-ref-kirche-schwalenberg.de\/blog\/wp-json\/wp\/v2\/pages"}],"about":[{"href":"https:\/\/ev-ref-kirche-schwalenberg.de\/blog\/wp-json\/wp\/v2\/types\/page"}],"author":[{"embeddable":true,"href":"https:\/\/ev-ref-kirche-schwalenberg.de\/blog\/wp-json\/wp\/v2\/users\/1"}],"replies":[{"embeddable":true,"href":"https:\/\/ev-ref-kirche-schwalenberg.de\/blog\/wp-json\/wp\/v2\/comments?post=211"}],"version-history":[{"count":34,"href":"https:\/\/ev-ref-kirche-schwalenberg.de\/blog\/wp-json\/wp\/v2\/pages\/211\/revisions"}],"predecessor-version":[{"id":926,"href":"https:\/\/ev-ref-kirche-schwalenberg.de\/blog\/wp-json\/wp\/v2\/pages\/211\/revisions\/926"}],"wp:attachment":[{"href":"https:\/\/ev-ref-kirche-schwalenberg.de\/blog\/wp-json\/wp\/v2\/media?parent=211"}],"curies":[{"name":"wp","href":"https:\/\/api.w.org\/{rel}","templated":true}]}}